{"id":33,"date":"2022-12-04T16:14:46","date_gmt":"2022-12-04T15:14:46","guid":{"rendered":"https:\/\/raphaelekennedy.com\/en\/?page_id=33"},"modified":"2026-04-18T08:47:04","modified_gmt":"2026-04-18T06:47:04","slug":"news","status":"publish","type":"page","link":"https:\/\/raphaelekennedy.com\/en\/news\/","title":{"rendered":""},"content":{"rendered":"<p><span style=\"color: #800080;\"><strong>APRIL 2026<\/strong><\/span><\/p>\n<p><strong>Sunday, 19 April, 4 pm<br \/>\n<\/strong>Berre l&rsquo;\u00c9tang \/ Cin\u00e9 89<br \/>\n<em>Le Roi du cirque <\/em>| cine-concert, film by Max Linder and \u00c9douard-\u00c9mile Violet<br \/>\nCompagnie Da Pacem<br \/>\nRapha\u00eble Kennedy | voice<br \/>\nPierre-Adrien Charpy | composition, keyboards<br \/>\n\u00c9ric Chalan | bass<br \/>\nSorie Bangura | drums<\/p>\n<p style=\"text-align: center;\"><iframe loading=\"lazy\" title=\"YouTube video player\" src=\"https:\/\/www.youtube.com\/embed\/0Ojs4rMvzSY?si=qw2gSoLHueqKHphN\" width=\"640\" height=\"360\" frameborder=\"0\" allowfullscreen=\"allowfullscreen\"><\/iframe><\/p>\n<p><span style=\"color: #800080;\"><strong>MARCH 2026<\/strong><\/span><\/p>\n<p><strong>Thursday, 5 March, 8 pm<\/strong><br \/>\nMarseille \/ Archipel 49 \/ Festival Mars en Baroque<br \/>\n<i>Signature B.A.C.H <\/i>| Pierre-Adrien Charpy<br \/>\nwith Vincent Beer-Demander, mandolin<\/p>\n<p><strong>Sunday, 8 March, 4 pm<\/strong><br \/>\nAubagne \/ \u00c9glise Saint-Sauveur<br \/>\n<i>Signature B.A.C.H <\/i>| Pierre-Adrien Charpy<br \/>\nwith Vincent Beer-Demander, mandolin<\/p>\n<p><span style=\"color: #800080;\"><strong>FEBRUARY 2026<\/strong><\/span><\/p>\n<p><strong>Sunday, 1 February, 3 pm and Tuesday, 3 February, 8 pm<\/strong><br \/>\nParis \/ Th\u00e9\u00e2tre du Ch\u00e2telet<br \/>\n<i>L&rsquo;Annonce faite \u00e0 Marie&nbsp;<\/i>| Opera by Philippe Leroux<br \/>\nRapha\u00e8le Fleury opera libretto based on the work of Paul Claudel<br \/>\n<em>Violaine Vercors<\/em>&nbsp;| Rapha\u00eble Kennedy, soprano<br \/>\n<em>Mara Vercors<\/em>&nbsp;| Sophia Burgos, mezzo-soprano<br \/>\n<em>Elisabeth Vercors<\/em>&nbsp;| Els Janssens-Vanmunster, mezzo-soprano<br \/>\n<em>Anne Vercors<\/em>&nbsp;| Marc Scoffoni, baritone<br \/>\n<em>Jacques Hury<\/em> | Charles Rice, baritone<br \/>\n<em>Pierre de Craon<\/em> | Vincent Bouchot, tenor<br \/>\nEnsemble intercontemporain<br \/>\nMusical direction | Ariane Matiakh<br \/>\nStaging | C\u00e9lie Pauthe<br \/>\nCostumes | Ana\u00efs Romand<br \/>\nLights and set design adaptation &nbsp;| S\u00e9bastien Michaud<br \/>\nDramaturgy | Denis Loubaton<br \/>\nVideo | Fran\u00e7ois Weber<br \/>\nElectronics (Ircam) | Carlo Laurenzi<br \/>\n<span class=\"lien-rouge_hover\"><a href=\"https:\/\/www.chatelet.com\/programmation\/25-26\/lannonce-faite-a-marie\">booking<\/a><\/span><\/p>\n<p><img decoding=\"async\" loading=\"lazy\" class=\"size-medium wp-image-520 aligncenter\" src=\"https:\/\/raphaelekennedy.com\/en\/wp-content\/uploads\/sites\/2\/2022\/12\/annonce-faire-a-marie-\u00a9-Martin-Argyroglo-660x440-1.jpg\" alt=\"\" width=\"600\" height=\"400\"><\/p>\n<p><strong>Saturday, February 7, 6 pm<\/strong><br \/>\nArras \/ Tandem<br \/>\n<em>Das Atmende Klarsein<\/em> | Luigi Nono, Roland de Lassus, Niccol\u00f2 Castiglioni<br \/>\nwith Matteo Cesari (flute), SWR Experimentalstudio &amp; Les M\u00e9taboles, conducted by L\u00e9o Warynski<\/p>\n<p><span style=\"color: #800080;\"><strong>JANUARY 2026<\/strong><\/span><\/p>\n<p><strong>Wednesday, 28 and Friday, 30 January, 8 pm<\/strong><br \/>\nParis \/ Th\u00e9\u00e2tre du Ch\u00e2telet<br \/>\n<i>L&rsquo;Annonce faite \u00e0 Marie&nbsp;<\/i>| Opera by Philippe Leroux<br \/>\nRapha\u00e8le Fleury opera libretto based on the work of Paul Claudel<br \/>\n<em>Violaine Vercors<\/em>&nbsp;| Rapha\u00eble Kennedy, soprano<br \/>\n<em>Mara Vercors<\/em>&nbsp;| Sophia Burgos, mezzo-soprano<br \/>\n<em>Elisabeth Vercors<\/em>&nbsp;| Els Janssens-Vanmunster, mezzo-soprano<br \/>\n<em>Anne Vercors<\/em>&nbsp;| Marc Scoffoni, baritone<br \/>\n<em>Jacques Hury<\/em> | Charles Rice, baritone<br \/>\n<em>Pierre de Craon<\/em> | Vincent Bouchot, tenor<br \/>\nEnsemble intercontemporain<br \/>\nMusical direction | Ariane Matiakh<br \/>\nStaging | C\u00e9lie Pauthe<br \/>\nCostumes | Ana\u00efs Romand<br \/>\nLights and set design adaptation &nbsp;| S\u00e9bastien Michaud<br \/>\nDramaturgy | Denis Loubaton<br \/>\nVideo | Fran\u00e7ois Weber<br \/>\nElectronics (Ircam) | Carlo Laurenzi<br \/>\n<span class=\"lien-rouge_hover\"><a href=\"https:\/\/www.chatelet.com\/programmation\/25-26\/lannonce-faite-a-marie\">booking<\/a><\/span><\/p>\n<p><span style=\"color: #800080;\"><strong>DECEMBER 2025<\/strong><\/span><\/p>\n<p><strong>Wednesday, 17 and Thursday, 18 December, &nbsp;8 pm<\/strong><br \/>\nParis \/ Philharmonie<br \/>\n<em>Another Look<\/em> | Philip Glass, S. Andrea Basily<br \/>\nwith Les M\u00e9taboles &amp; Yoan H\u00e9reau (organ), directed by L\u00e9o Warynski<\/p>\n<p><span style=\"color: #800080;\"><strong>NOVEMBER 2025<\/strong><\/span><\/p>\n<p><strong>Friday, 7 November, 7.30 pm<br \/>\n<\/strong>Venelles \/ L&rsquo;\u00c9tincelle \/ Salle Jos\u00e9phine Baker<br \/>\n<em>Le Roi du cirque <\/em>| cine-concert, film by Max Linder and \u00c9douard-\u00c9mile Violet<br \/>\nCompagnie Da Pacem<br \/>\nRapha\u00eble Kennedy | voice<br \/>\nPierre-Adrien Charpy | composition, keyboards<br \/>\n\u00c9ric Chalan | bass<br \/>\nChristian Bini | drums<br \/>\n<span class=\"lien-rouge_hover\"><a href=\"https:\/\/billetterie.venelles.fr\/le-roi-du-cirque-spectacle-l-etincelle-salle-josephine-baker-venelles-07-novembre-2025-css5-sitevenelles-pg101-ri11348061.html\">booking<\/a><\/span><\/p>\n<p><strong>Saturday, 8 November, 6 pm<br \/>\n<\/strong>La Bouilladisse \/ Salle des f\u00eates<br \/>\n<em>Le Roi du cirque <\/em>| cine-concert, film by Max Linder and \u00c9douard-\u00c9mile Violet<br \/>\nCompagnie Da Pacem<br \/>\nRapha\u00eble Kennedy | voice<br \/>\nPierre-Adrien Charpy | composition, keyboards<br \/>\n\u00c9ric Chalan | bass<br \/>\nChristian Bini | drums<\/p>\n<p><strong>Friday, 14 and Saturday, 15 November, 8 pm<\/strong><br \/>\nMetz \/ Cit\u00e9 musicale<br \/>\n<em>Libera me<\/em> | Ignaz Ritter von Seyfried<br \/>\n<em>Mn\u00e9mosyne<\/em> | Philippe Hersant<br \/>\n<em>Requiem<\/em> | Wolfgang Amadeus Mozart \/ Michael Ostrzyga<br \/>\nwith Les M\u00e9taboles &amp; Orchestre national de Metz Grand Est, directed by L\u00e9o Warynski<\/p>\n<p><strong>Monday, 17 November, 7 pm<\/strong><br \/>\nToulon \/ Conservatoire TPM \u2013 Auditorium Robert Casadesus \/ Festival d\u2019automne<br \/>\n<em>Le jardin amoureux de l\u2019\u00e2me<\/em> | An escape into the heart of Kaija Saariaho&rsquo;s music<br \/>\nwith Aleksi Barri\u00e8re (texts, scenography, voice), Aurore Bassez (percussion), V\u00e9ronique Olivier de Sardan (cello), St\u00e9phanie Mulot (piano), Pierre-Adrien Charpy (live electronics), Auranne Brunet-Manquat (choreography, dance)<br \/>\n<span class=\"lien-rouge_hover\"><a href=\"https:\/\/www.conservatoire-tpm.fr\/index.php\/agenda\/festival-dautomne-le-jardin-amoureux-de-lame\">booking<\/a><\/span><\/p>\n<p><strong>Thursday, 20 November, 7 pm<\/strong><br \/>\nHy\u00e8res \/ Coll\u00e9giale Saint-Paul \/ Festival d\u2019automne<br \/>\n<em>Au coeur des t\u00e9n\u00e8bres la lumi\u00e8re<\/em> | As part of the tercentenary of Michel-Richard de Lalande&rsquo;s death<br \/>\nwith Romane Kriger (viol), Alexandra Provost (theorbo), Myrrha Principiano (harpsichord), Nicolas Loth (organ)<br \/>\n<span class=\"lien-rouge_hover\"><a href=\"https:\/\/www.conservatoire-tpm.fr\/agenda\/festival-dautomne-au-coeur-des-tenebres-la-lumiere\">booking<\/a><\/span><\/p>\n<p><strong>Saturday, 29 November, 8 pm<br \/>\n<\/strong>Paris \/ Maison de la Radio et de la Musique \/ Studio 104<br \/>\n<i>Laborintus II <\/i>| Luciano Berio<br \/>\nwith Serge Maggiani (narrator), C\u00e9line Boucard, Isabelle Deproit, Vincent Bouchot, Laura Muller, Els Janssens, Hugues Primard, Nicol\u00e1s Lartaun, Jean-Fran\u00e7ois Chiama, Caroline Gesret (voices) &amp; Orchestre Philharmonique de Radio-France<br \/>\nMarzena Diakun | musical direction<br \/>\nDavid Lescot | staging<br \/>\nAugustin Muller | Ircam electronics, Ircam computer music consulting<br \/>\nJ\u00e9r\u00e9mie Bourgogne | Ircam sound broadcasting<\/p>\n<p><span style=\"color: #800080;\"><strong>OCTOBER 2025<\/strong><\/span><\/p>\n<p><strong>Release of the CD <em>Come Bach<\/em><\/strong><br \/>\nwith Vincent Beer-Demander, mandolin<br \/>\n<em>Signature B.A.C.H<\/em> | Pierre-Adrien Charpy<\/p>\n<p><span style=\"color: #800080;\"><strong>AUGUST 2025<\/strong><\/span><\/p>\n<p><strong>Saturday, 23 August, &nbsp;9 pm<\/strong><br \/>\nV\u00e9zelay \/ Basilique Sainte-Marie-Madeleine \/ Rencontres musicales de V\u00e9zelay<br \/>\n<em>Another Look<\/em> | Philip Glass, S. Andrea Basily<br \/>\nwith Les M\u00e9taboles &amp; Denis Comtet (organ), directed by L\u00e9o Warynski<\/p>\n<p><strong>Sunday, 24 August, 4 pm<\/strong><br \/>\nV\u00e9zelay \/ Basilique Sainte-Marie-Madeleine \/ Rencontres musicales de V\u00e9zelay<br \/>\n<em>Libera me<\/em> | Ignaz Ritter von Seyfried<br \/>\n<em>Mn\u00e9mosyne<\/em> | Philippe Hersant<br \/>\n<em>Requiem<\/em> | Wolfgang Amadeus Mozart \/ Michael Ostrzyga<br \/>\nwith Les M\u00e9taboles &amp; Orchestre national de Metz Grand Est, &nbsp;directed by L\u00e9o Warynski<\/p>\n<p><strong>Vendredi 29 ao\u00fbt \u00e0 15h<\/strong><br \/>\nLa Chaise-Dieu \/ Abbaye \/ Festival de La Chaise-Dieu<br \/>\n<em>Voix am\u00e9ricaines<\/em>&nbsp;| Philip Glass, S. Andrea Basily<br \/>\nwith Les M\u00e9taboles &amp; Denis Comtet (organ), directed by L\u00e9o Warynski<\/p>\n<p><span style=\"color: #800080;\"><strong>MAY 2025<\/strong><\/span><\/p>\n<p><strong>Thursday, 15 may, 7 pm<\/strong><br \/>\nMulhouse \/ La Filature, sc\u00e8ne nationale<br \/>\n<em>Another Look<\/em> | Philip Glass, S. Andrea Basily<br \/>\nwith Les M\u00e9taboles &amp; Yoan H\u00e9reau (organ), directed by L\u00e9o Warynski<\/p>\n<p><strong>Friday, 30 may, 8 pm<\/strong><br \/>\nClairvaux-Les-Lacs \/ \u00c9glise Saint-Nithier \/ Festival de musique du Haut-Jura<br \/>\n<em>Cori Allegri <\/em>| Gregorio Allegri, Marc-Antoine Charpentier, Orazio Benevoli, Juta Pranulyte<br \/>\nwith Les M\u00e9taboles, conducted by L\u00e9o Warynski<\/p>\n<p><span style=\"color: #800080;\"><strong>APRIL 2025<\/strong><\/span><\/p>\n<p><strong>Friday, 4 april, &nbsp;7.30 pm<br \/>\n<\/strong>Nanterre \/ Maison de la musique \/ Salle Rameau<br \/>\n<em>La nuit en t\u00eate <\/em>| Claude Lejeune, Hans Abrahamsen, Michelangelo Rossi, Henry Purcell, Gy\u00f6rgy Ligeti, Tarquinio Merula, Georges Aperghis<br \/>\nwith tm+, conducted by Laurent Cuniot : Anne-C\u00e9cile Cuniot (flute), \u00c9tienne Lamaison (clarinet), Yannick Varlet (harpsichord), Julien Le Pape (piano, celesta), Gianny Pizzolato (percussion), No\u00ebmi Schindler (violin), Marion Plard (viola), Florian Lauridon (cello)<br \/>\nChristophe Schaeffer | lighting creation<br \/>\n<span class=\"lien-rouge_hover\"><a href=\"https:\/\/www.maisondelamusique.eu\/saison-2024-2025\/voyage-de-l-ecoute-la-nuit-en-tetentm-n\/\">booking<\/a><\/span><\/p>\n<p><strong>Sunday, 6 april, 5.30 pm<\/strong><br \/>\nParis \/ Temple du Foyer de l&rsquo;\u00c2me<br \/>\n<em>Les Cantates<\/em> | Heinrich Sch\u00fctz, Franz Tunder, Dietrich Buxtehude<br \/>\nwith Ensemble William Byrd, conducted by Graham O&rsquo;Reilly<\/p>\n<p><strong>Tuesday, 29 april<\/strong><br \/>\nMarseille \/ Denger Studio<br \/>\nRecording with Vincent Beer-Demander (mandolin)<br \/>\n<em>Signature B.A.C.H<\/em>&nbsp;| Pierre-Adrien Charpy<\/p>\n<p><span style=\"color: #800080;\"><strong>MARCH 2025<\/strong><\/span><\/p>\n<p><strong>Sunday, 2 march, 6 pm<\/strong><br \/>\nKrak\u00f3w (Poland) \/ Cricoteka<br \/>\n<em>Es l\u00e4rmt das Licht<\/em>, for soprano and string orchestra | Agata Zubel<br \/>\nwith Sinfonietta Cracovia, conducted by Katarzyna Tomala-Jedynak<br \/>\n<span class=\"lien-rouge_hover\"><a href=\"https:\/\/www.sinfonietta.pl\/koncerty\/london-calling-iv\">booking<\/a><\/span><\/p>\n<p><strong>Monday, 24 march, 8 pm<\/strong><br \/>\nParis \/ Coll\u00e8ge des Bernardins<br \/>\n<em>Magnificat<\/em> | Jonathan Harvey, P\u00e9rotin, Josquin des Pr\u00e9s, Giovanni Pierluigi da Palestrina, Geoffroy Drouin<br \/>\nwith Les M\u00e9taboles, conducted by L\u00e9o Warynski<\/p>\n<p><strong>Release of the CD <em>Another Look<\/em><\/strong><br \/>\nwith Les M\u00e9taboles &amp; Yoan H\u00e9reau (organ), conducted by L\u00e9o Warynski<br \/>\n<em>Canone a 16 all&rsquo;unisono<\/em> | S. Andrea Basily<br \/>\n<em>Another Look at Harmony<\/em> | Philip Glass<\/p>\n<p><span style=\"color: #800080;\"><strong>FEBRUARY 2025<\/strong><\/span><\/p>\n<p><strong>Tuesday, 4 february, 8 pm<br \/>\n<\/strong>Massy \/ Op\u00e9ra<br \/>\n<em>La nuit en t\u00eate <\/em>| Claude Lejeune, Hans Abrahamsen, Michelangelo Rossi, Henry Purcell, Gy\u00f6rgy Ligeti, Tarquinio Merula, Georges Aperghis<br \/>\nwith tm+, conducted by Laurent Cuniot : Anne-C\u00e9cile Cuniot (flute), \u00c9tienne Lamaison (clarinet), Yannick Varlet (harpsichord), Julien Le Pape (piano, celesta), Gianny Pizzolato (percussion), No\u00ebmi Schindler (violin), Marion Plard (viola), Florian Lauridon (cello)<br \/>\nChristophe Schaeffer | lighting creation<br \/>\n<span class=\"lien-rouge_hover\"><a href=\"https:\/\/www.opera-massy.com\/fr\/la-nuit-en-tete.html?cmp_id=77&amp;news_id=1094&amp;vID=80\">booking<\/a><\/span><\/p>\n<p><span style=\"color: #800080;\"><strong>DECEMBER 2024<\/strong><\/span><\/p>\n<p><strong>Wednesday, 18 december, 3 pm<br \/>\n<\/strong>Marseille \/ Mucem \/ festival Tous en sons!<br \/>\n<em>Le Roi du cirque <\/em>| cine-concert, film by Max Linder and \u00c9douard-\u00c9mile Violet<br \/>\nCompagnie Da Pacem<br \/>\nRapha\u00eble Kennedy | voice<br \/>\nPierre-Adrien Charpy | composition, keyboards<br \/>\n\u00c9ric Chalan | bass<br \/>\nChristian Bini | drums<br \/>\n<span class=\"lien-rouge_hover\"><a href=\"https:\/\/www.mucem.org\/programme\/le-roi-du-cirque\">booking<\/a><\/span><\/p>\n<p><img decoding=\"async\" loading=\"lazy\" class=\"size-medium wp-image-1103 aligncenter\" src=\"https:\/\/raphaelekennedy.com\/wp-content\/uploads\/2024\/10\/Le-Roi-du-cirque.jpg\" alt=\"\" width=\"450\" height=\"370,5\"><\/p>\n<p><span style=\"color: #800080;\"><strong>NOVEMBER 2024<\/strong><\/span><\/p>\n<p><strong>Thursday, November 21, 8.30 pm<br \/>\n<\/strong>Poitiers \/ TAP &#8211; Th\u00e9\u00e2tre Auditorium de Poitiers<br \/>\n<em>Madrigali<\/em> | Luca Marenzio, Carlo Gesualdo<br \/>\n<i>Laborintus II <\/i>| Luciano Berio<br \/>\nwith Serge Maggiani (narrator), C\u00e9line Boucard, Isabelle Deproit, Paul-Alexandre Dubois, Laura Muller, Els Janssens, Hugues Primard, Nicol\u00e1s Lartaun, Jean-Fran\u00e7ois Chiama, Caroline Gesret (voices) &amp; Ars Nova<br \/>\nGregory Vajda | musical direction<br \/>\nDavid Lescot | staging<br \/>\nAlwyne de Dardel | scenography<br \/>\nSerge Meyer | video<br \/>\nOlga Karpinsky | costumes<br \/>\nJuliette Besan\u00e7on | lights<br \/>\nAugustin Muller | Ircam electronics, Ircam computer music consulting<br \/>\nJ\u00e9r\u00e9mie Bourgogne | Ircam sound broadcasting<br \/>\nMarie Delebarre, Erwan Le Metayer, Maxime Robert | stage management<br \/>\n<span class=\"lien-rouge_hover\"><a href=\"https:\/\/billetterie.tap-poitiers.com\/spectacle?lng=1&amp;id_spectacle=2201\">booking<\/a><\/span><\/p>\n<p><img decoding=\"async\" loading=\"lazy\" class=\"size-medium wp-image-865 aligncenter\" src=\"https:\/\/raphaelekennedy.com\/wp-content\/uploads\/2024\/05\/Ars-Nova-Laborintus-II-large.png\" alt=\"\" width=\"750\" height=\"337,5\"><\/p>\n<p><span style=\"color: #800080;\"><strong>OCTOBER 2024<\/strong><\/span><\/p>\n<p><strong>Sunday, October 13, 11 am<\/strong><br \/>\nReims \/ Op\u00e9ra \/ C\u00e9sar\u00e9<br \/>\n<i><em>Ausc\u00faltare <\/em><\/i>| creation for two voices and ultra-directional loudspeakers<br \/>\nBertrand Wolff | composer<br \/>\nRapha\u00eble Kennedy | soprano<br \/>\nIsabelle Deproit | contralto<br \/>\nGuillaume Stagnaro | robotic design<br \/>\nAlexandre Martre | lighting creation<br \/>\n<span class=\"lien-rouge_hover\"><a href=\"https:\/\/cesare-cncm.com\/portfolio-item\/auscultare\/\">booking<\/a><\/span><\/p>\n<p style=\"text-align: center;\"><iframe loading=\"lazy\" src=\"https:\/\/player.vimeo.com\/video\/798417942\" width=\"640\" height=\"360\" frameborder=\"0\" allowfullscreen=\"allowfullscreen\"><\/iframe><\/p>\n<p><span style=\"color: #800080;\"><strong>SEPTEMBER 2024<\/strong><\/span><\/p>\n<p><strong>Sunday, September 15, 5 pm<\/strong><br \/>\nRibeauvill\u00e9 \/ \u00c9glise Saint Gr\u00e9goire \/ Festival de Ribeauvill\u00e9<br \/>\n<em>Cori Allegri <\/em>| Gregorio Allegri, Marc-Antoine Charpentier, Orazio Benevoli, Juta Pranulyte<br \/>\nwith Les M\u00e9taboles, conducted by L\u00e9o Warynski<\/p>\n<p><strong>Friday, September 20, 8 pm<\/strong><br \/>\nParis \/ \u00c9glise Saint-Eustache \/ Festival d&rsquo;Automne \u00e0 Paris<br \/>\nNiccol\u00f2 Castiglioni | <em>Musica Vneukokvahja<\/em><br \/>\nRoland de Lassus | <em>Prophetiae Sibyllarum<\/em><br \/>\nLuigi Nono | <em>Das Atmende Klarsein<\/em><br \/>\nwith Matteo Cesari (flute), SWR Experimentalstudio &amp; Les M\u00e9taboles, conducted by L\u00e9o Warynski<\/p>\n<p><strong>Saturday,&nbsp; September 28, 8 pm<\/strong><br \/>\nFreiburg im Breisgau (Germany) \/ Pauluskirche<br \/>\n<em>Das Atmende Klarsein <\/em>|&nbsp; Luigi Nono, Roland de Lassus, Niccol\u00f2 Castiglioni<br \/>\nwith Matteo Cesari (flute), SWR Experimentalstudio &amp; Les M\u00e9taboles, conducted by L\u00e9o Warynski<\/p>\n<p><span style=\"color: #800080;\"><strong>JUNE 2024<\/strong><\/span><\/p>\n<p><strong>Sunday, June 30, 5 pm<\/strong><br \/>\nFribourg (Switzerland) \/ Eglise du Coll\u00e8ge Saint-Michel \/ Festival International de Musiques Sacr\u00e9es<br \/>\n<em>Es l\u00e4rmt das Licht<\/em>, world premiere for soprano and string orchestra | Agata Zubel<br \/>\nwith the Ensemble Contemporain de l&rsquo;HEMU, conducted by Guillaume Bourgogne<br \/>\n<span class=\"lien-rouge_hover\"><a href=\"https:\/\/www.hemu.ch\/agenda\/agenda-details\/wng-events\/show\/es-l-rmt-das-licht-fims-fribourg-2761\">booking<\/a><\/span><\/p>\n<p><span style=\"color: #800080;\"><strong>MAY 2024<\/strong><\/span><\/p>\n<p><strong>Friday, May 31, 8 pm<br \/>\n<\/strong>Paris \/ Th\u00e9\u00e2tre du Ch\u00e2telet \/ Festival ManiFeste<br \/>\n<em>La play-list de l&rsquo;\u00e9t\u00e9<\/em> | Maurice Ravel: <em>La Valse<\/em>, with a screening of the film directed by Thierry De Mey and choreographed by Thomas Hauert and the Cie Zoo; Simon Steen-Andersen: <em>Trio<\/em>, french premiere<br \/>\nOrchestre de Paris, conducted by Brad Lubman<br \/>\nLes M\u00e9taboles, conducted by Simon Proust<br \/>\nJazz band du CNSMDP, conducted by L\u00e9o Margue<br \/>\nIrcam sound diffusion<\/p>\n<p><span style=\"color: #800080;\"><strong>APRIL 2024<\/strong><\/span><\/p>\n<p><strong>Sunday, April 14, 5 pm<br \/>\n<\/strong>Charolles \/ Eglise du Sacr\u00e9-Coeur<br \/>\n<em>O beata Virgo<\/em> | Andr\u00e9 Campra, Guillaume-Gabriel Nivers, Henry Du Mont, Louis Couperin, Henry Purcell, Pablo Bruna, Girolamo Frescobaldi, Tarquinio Merula, Claudio Monteverdi<br \/>\nwith Pierre-Adrien Charpy (organ)<\/p>\n<p><span style=\"color: #800080;\"><strong>MARCH 2024<\/strong><\/span><\/p>\n<p><strong>Thursday, March 14, 7.30 pm<br \/>\n<\/strong>Hamburg (Germany) \/ Elbphilharmonie \/ Great hall<br \/>\nA portrait of Luigi Nono | <em>Quando stanno morendo &#8211; Diario polacco Nr. 2, Hay que caminar so\u00f1ando<\/em><br \/>\nwith Matteo Cesari (flute), Barbara Bultmann and Juditha Haeberlin (violin) &amp; SWR Experimentalstudio, conducted by L\u00e9o Warynski<\/p>\n<p><span style=\"color: #800080;\"><strong>JANUARY 2024<\/strong><\/span><\/p>\n<p><strong>Tuesday, January 9 to Friday, January 12<br \/>\n<\/strong>V\u00e9zelay \/ Cit\u00e9 de la Voix<br \/>\nRecording with Les M\u00e9taboles &amp; Yoan H\u00e9reau (organ), conducted by L\u00e9o Warynski<br \/>\n<em>Canone a 16 all&rsquo;unisono<\/em> | S. Andrea Basily<br \/>\n<em>Another Look at Harmony<\/em> | Philip Glass<\/p>\n<p><span style=\"color: #800080;\"><strong>DECEMBER 2023<\/strong><\/span><\/p>\n<p><strong>Sunday, December 10,&nbsp; 10 am<br \/>\n<\/strong>Marseille \/ Conservatoire Pierre Barbizet \/ Tous en sons! festival<br \/>\n<em>Le Bestiaire Musical des animaux rigolos et po\u00e9tiques <\/em>based on sculptures by Thierry Jacques | Composition for screen and stage class of Pierre-Adrien Charpy : music by Corto Alunni, Benjamin Charras, Rita Meyer-Peyracchia, Camille Mingam, Maud Revol, Flore Silly, Franck Weltert, Agn\u00e8s Zenino<br \/>\nwith Ensemble Cr\u00e9atif, conducted by Mila Bellier &amp; Rapha\u00ebl Gillet<\/p>\n<p><span style=\"color: #800080;\"><strong>SEPTEMBER 2023<\/strong><\/span><\/p>\n<p><strong>Release of the monographic CD <em>Aubes<\/em> by Robert Pascal<\/strong><\/p>\n<p><img decoding=\"async\" loading=\"lazy\" class=\"alignnone size-medium wp-image-645 aligncenter\" src=\"https:\/\/raphaelekennedy.com\/wp-content\/uploads\/2023\/09\/Robert-Pascal-Aubes.png\" alt=\"\" width=\"450\" height=\"auto\"><\/p>\n<p><strong>Saturday, September 9,&nbsp; 6 pm<br \/>\n<\/strong>Marseille \/ Module of GMEM \/ Friche La Belle de Mai<br \/>\nConcert in tribute to Robert Pascal | <em>Chant d&rsquo;aubes, sur Bleus, x\u012b l\u01d0ng<\/em><br \/>\nwith Benjamin Carat (cello) and Mich\u00e8le Scharapan (piano)<\/p>\n<p><span style=\"color: #800080;\"><strong>AUGUST 2023<\/strong><\/span><\/p>\n<p><strong>Friday, August 25, 9 pm<br \/>\n<\/strong>V\u00e9zelay \/ Basilique Ste-Marie-Madeleine \/ Cit\u00e9 de la Voix, Rencontres musicales<br \/>\n<em>Symphonie chorale<\/em> | Thomas Tallis, Francesco Filidei, Gustav Mahler\/G\u00e9rard Pesson, Alfred Schnittke<br \/>\nwith Les M\u00e9taboles, conducted by L\u00e9o Warynski<\/p>\n<p><strong>Saturday, August 26, 9 pm<br \/>\n<\/strong>La Chaise Dieu \/ Abbatiale Saint-Robert \/ festival de la Chaise Dieu<br \/>\n<em>Splendeurs chorales<\/em> | Thomas Tallis, Francesco Filidei, Gustav Mahler\/G\u00e9rard Pesson, Alfred Schnittke<br \/>\nwith Les M\u00e9taboles, conducted by L\u00e9o Warynski<\/p>\n<p><span style=\"color: #800080;\"><strong>JULY 2023<\/strong><\/span><\/p>\n<p><strong>Friday, July 14, 7 pm<br \/>\n<\/strong>Aix-en-Provence \/ Mus\u00e9e Granet \/ festival Mandol&rsquo;inMarseille<br \/>\n<em>Sinfonia Napoletana<\/em> | Giovanni Paisiello, Francesco Durante, Giovanni Battista Pergolesi, Domenico Scarlatti, Domenico Cimarosa, Niccola Porpora<br \/>\nwith Vincent Beer-Demander (mandolin), Jean-Marc Aymes (harpsichord) &amp; le Jardin Musical<br \/>\n<span class=\"lien-rouge_hover\"><a href=\"https:\/\/www.mandolinmarseillefestival.com\/sinfonia-napoletana\">booking<\/a><\/span><\/p>\n<p><span style=\"color: #800080;\"><strong>JUNE 2023<\/strong><\/span><\/p>\n<p><strong>Wednesday, June 7 &amp; Thursday, June 8, 8 pm<br \/>\n<\/strong>Paris \/ Centre Pompidou, Grande salle \/ festival ManiFeste of IRCAM<br \/>\n<em>Madrigali<\/em> | Luca Marenzio, Carlo Gesualdo<br \/>\n<i>Laborintus II <\/i>| Luciano Berio<br \/>\nwith Serge Maggiani (narrator), C\u00e9line Boucard, Isabelle Deproit, Paul-Alexandre Dubois, Anne Magou\u00ebt, Els Janssens, Hugues Primard, Nicol\u00e1s Lartaun, Jean-Fran\u00e7ois Chiama, Caroline Gesret (voices) &amp; Ars Nova<br \/>\nGregory Vajda | musical direction<br \/>\nDavid Lescot | staging<br \/>\nAlwyne de Dardel | scenography<br \/>\nSerge Meyer | video<br \/>\nOlga Karpinsky | costumes<br \/>\nJuliette Besan\u00e7on | lights<br \/>\nAugustin Muller | Ircam electronics, Ircam computer music consulting<br \/>\nJ\u00e9r\u00e9mie Bourgogne | Ircam sound broadcasting<br \/>\nMarie Delebarre, Erwan Le Metayer, Maxime Robert | stage management<\/p>\n<p><strong>Wednesday, June 14 &amp; Thursday, June 15<\/strong><br \/>\nParis \/ IRCAM<br \/>\nRecording for Festival Acad\u00e9mie Manifeste 2023<br \/>\nwith Carlo Laurenzi (electronics realisation)<\/p>\n<p><span style=\"color: #800080;\"><strong>MAY 2023<\/strong><\/span><\/p>\n<p><strong>Friday, May 12 &amp; Saturday, May 13, 7 pm<\/strong><br \/>\nMarseille \/ Friche la Belle de Mai, le Module \/ festival Propagations of GMEM-cncm<br \/>\n<i><em>Ausc\u00faltare <\/em><\/i>| creation for two voices and ultra-directional loudspeakers<br \/>\nBertrand Wolff | composer<br \/>\nRapha\u00eble Kennedy | soprano<br \/>\nIsabelle Deproit | contralto<br \/>\nGuillaume Stagnaro | robotic design<br \/>\nAlexandre Martre | lighting creation<br \/>\n<span class=\"lien-rouge_hover\"><a href=\"https:\/\/gmem.org\/festival-propagations\/programmation\/auscultare\">booking<\/a><\/span><\/p>\n<p style=\"text-align: center;\"><iframe loading=\"lazy\" src=\"https:\/\/player.vimeo.com\/video\/798417942\" width=\"640\" height=\"360\" frameborder=\"0\" allowfullscreen=\"allowfullscreen\"><\/iframe><\/p>\n<p><strong>Wednesday,&nbsp; May 17 to Sunday, May 21<\/strong><br \/>\nParis \/ IRCAM<br \/>\nWorkshop<i> Laborintus II <\/i>by&nbsp;Luciano Berio<br \/>\nwith Serge Maggiani (narrator), David Lescot (stage director) &amp; Ars Nova, conducted by Gregory Vajda<\/p>\n<p><span style=\"color: #800080;\"><strong>APRIL 2023<\/strong><\/span><\/p>\n<p><strong>Saturday, April 1, 6 pm<\/strong><br \/>\nN\u00eemes \/ Eglise St Dominique<br \/>\nwith Vincent Li\u00e8vre-Picard, Fr\u00e9d\u00e9ric Cornille, S\u00e9bastien Brohier, Els Janssens-Vanmunster, Camille Tresmontant, Le Madrigal de N\u00eemes, conducted by Muriel Burst<br \/>\n<em>Johannes Passion <\/em>| Johann-Sebastian Bach<br \/>\n<span class=\"lien-rouge_hover\"><a href=\"https:\/\/www.lemadrigaldenimes.com\/nos-concerts\/prochains-concerts\/\">booking<\/a><\/span><\/p>\n<p><strong>Sunday, April 2, 6 pm<\/strong><br \/>\nBagnols\/C\u00e8ze \/ Eglise St Jean Baptiste<br \/>\nwith Vincent Li\u00e8vre-Picard, Fr\u00e9d\u00e9ric Cornille, S\u00e9bastien Brohier, Els Janssens-Vanmunster, Camille Tresmontant, Le Madrigal de N\u00eemes, conducted by Muriel Burst<br \/>\n<em>Johannes Passion <\/em>| Johann-Sebastian Bach<br \/>\n<span class=\"lien-rouge_hover\"><a href=\"https:\/\/www.lemadrigaldenimes.com\/nos-concerts\/prochains-concerts\/\">booking<\/a><\/span><\/p>\n<p><strong>Monday, April 3 to Friday, April 7<\/strong><br \/>\nPigna (Corsica) \/ Auditorium \/ CNCM Voce<br \/>\nCreation residency of <em>Ausc\u00faltare<\/em><br \/>\nwith Bertrand Wolff (composer) and Isabelle Deproit (contralto)<\/p>\n<p><strong>Saturday, April 8, 6.30 pm<\/strong><br \/>\nPigna (Corsica) \/ Auditorium \/ CNCM Voce<br \/>\nEnd of residency concert<em> Ausc\u00faltare<\/em><br \/>\nwith Bertrand Wolff (composer) and Isabelle Deproit (contralto)<\/p>\n<p><span style=\"color: #800080;\"><strong>MARCH 2023<\/strong><\/span><\/p>\n<p><strong>Tuesday, March 7 to Saturday, March 11<\/strong><br \/>\nParis \/ IRCAM<br \/>\nWorkshop <em>Laborintus II<\/em> by Luciano Berio<br \/>\nwith Ars Nova, conducted by Gregory Vajda<\/p>\n<p><span style=\"color: #800080;\"><strong>JANUARY 2023<\/strong><\/span><\/p>\n<p><strong>Tuesday, January 10 to Thursday, January 12<\/strong><br \/>\nAvignon \/ Op\u00e9ra<br \/>\nMaster-class for the choir <em>The contemporary voice<\/em><\/p>\n<p><strong>Tuesday, January 20 to Friday, January 24<\/strong><br \/>\nMarseille \/ GMEM-CNCM Marseille<br \/>\nCreation residency of <em>Ausc\u00faltare<\/em><br \/>\nwith Bertrand Wolff (composer) and Isabelle Deproit (contralto)<\/p>\n<p><strong>Monday, January 30 and Tuesday, January 31<\/strong><br \/>\nParis \/ IRCAM<br \/>\nRecording for Festival Acad\u00e9mie Manifeste 2023<br \/>\nwith Carlo Laurenzi (electronics realisation)<\/p>\n<p><span style=\"color: #800080;\"><strong>DECEMBER 2022<\/strong><\/span><\/p>\n<p><strong>Saturday, December 3, 5 pm (and Thursday, December 1, 10 am &amp; 2 pm, Friday, December 2, 10 am &amp; 2 pm &#8211; school representations)<\/strong><br \/>\nSartrouville \/ Th\u00e9\u00e2tre Sartrouville Yvelines CDN<br \/>\nwith tm+ : Anne-C\u00e9cile Cuniot (flute), Etienne Lamaison (clarinet), Gianny Pizzolato (percussion)<br \/>\n<i>L&rsquo;Enfant inou\u00ef&nbsp;<\/i>| Creation by Sylvain Maurice (booklet and staging) and Laurent Cuniot (music and musical direction)<br \/>\nStage design | Antonin Bouvret<br \/>\nVideo Creation| Lo\u00efs Drouglazet<br \/>\nLight Creation | Rodolphe Martin<br \/>\nCostumes | L\u00e9a Perron<br \/>\nSound | Yann Bouloiseau<br \/>\nStage manager | R\u00e9mi Rose<br \/>\n<span class=\"lien-rouge_hover\"><a href=\"http:\/\/www.theatre-sartrouville.com\/evenements\/lenfant-inoui\/\" rel=\"noopener\">booking<\/a><\/span><\/p>\n<p><img decoding=\"async\" loading=\"lazy\" class=\"size-medium wp-image-521 aligncenter\" src=\"https:\/\/raphaelekennedy.com\/en\/wp-content\/uploads\/sites\/2\/2022\/12\/lenfantinoui-2.jpg\" alt=\"\" width=\"600\" height=\"428\"><\/p>\n<p><span style=\"color: #800080;\"><strong>NOVEMBER 2022<\/strong><\/span><\/p>\n<p><strong>Sunday, November 6, 4 pm; Tuesday, November 8, &nbsp;8 pm; Wednesday, November 9, 8 pm<\/strong><br \/>\nRennes \/ Op\u00e9ra<br \/>\n<i>L&rsquo;Annonce faite \u00e0 Marie&nbsp;<\/i>| World premiere opera by Philippe Leroux<br \/>\nRapha\u00e8le Fleury opera libretto based on the work of Paul Claudel<br \/>\n<em>Violaine Vercors<\/em>&nbsp;| Rapha\u00eble Kennedy, soprano<br \/>\n<em>Mara Vercors<\/em>&nbsp;| Sophia Burgos, mezzo-soprano<br \/>\n<em>Elisabeth Vercors<\/em>&nbsp;| Els Janssens-Vanmunster, mezzo-soprano<br \/>\n<em>Anne Vercors<\/em>&nbsp;| Marc Scoffoni, baritone<br \/>\n<em>Jacques Hury<\/em> | Charles Rice, baritone<br \/>\n<em>Pierre de Craon<\/em> | Vincent Bouchot, tenor<br \/>\nEnsemble Cairn<br \/>\nMusical direction | Guillaume Bourgogne<br \/>\nStaging | C\u00e9lie Pauthe<br \/>\nMusical direction assistant | R\u00e9mi Durupt<br \/>\nStaging assistant | Sol\u00e8ne Souriau<br \/>\nScenery | Guillaume Delaveau<br \/>\nElectronics Ircam&nbsp;| Carlo Laurenzi<br \/>\nSound diffusion Ircam&nbsp;| Cl\u00e9ment Cerles<br \/>\nCostumes | Ana\u00efs Romand<br \/>\nLights | S\u00e9bastien Michaud<br \/>\nImages | Fran\u00e7ois Weber<br \/>\nDramaturgy | Denis Loubaton<br \/>\n<span class=\"lien-rouge_hover\"><a href=\"https:\/\/opera-rennes.fr\/fr\/evenement\/lannonce-faite-marie\" rel=\"noopener\">booking<\/a><\/span><\/p>\n<p><img decoding=\"async\" loading=\"lazy\" class=\"size-medium wp-image-520 aligncenter\" src=\"https:\/\/raphaelekennedy.com\/en\/wp-content\/uploads\/sites\/2\/2022\/12\/annonce-faire-a-marie-\u00a9-Martin-Argyroglo-660x440-1.jpg\" alt=\"\" width=\"600\" height=\"400\"><\/p>\n<p><strong>Saturday, November 12, 8 pm<\/strong><br \/>\nBerlin (Germany) \/ Kunstquartier Bethanien<br \/>\nwith Les M\u00e9taboles &amp; SWR Experimentalstudio, conducted by L\u00e9o Warynski<br \/>\n<em>Sz\u00f3ste przykazanie (The Sixth Commandment)&nbsp;<\/em>| Elzbieta Sikora<br \/>\n<em>Quando stanno morendo. Diario polacco n. 2<\/em><i>&nbsp;<\/i>| Luigi Nono<\/p>\n<p><strong>Saturday, November 19, 6 pm<\/strong><br \/>\nAngers \/ Grand Th\u00e9\u00e2tre \/&nbsp;Angers Nantes Op\u00e9ra<br \/>\n<i>L&rsquo;Annonce faite \u00e0 Marie&nbsp;<\/i>| World premiere opera by Philippe Leroux<br \/>\nRapha\u00e8le Fleury opera libretto based on the work of Paul Claudel<br \/>\n<em>Violaine Vercors<\/em>&nbsp;| Rapha\u00eble Kennedy, soprano<br \/>\n<em>Mara Vercors<\/em>&nbsp;| Sophia Burgos, mezzo-soprano<br \/>\n<em>Elisabeth Vercors<\/em>&nbsp;| Els Janssens-Vanmunster, mezzo-soprano<br \/>\n<em>Anne Vercors<\/em>&nbsp;| Marc Scoffoni, baritone<br \/>\n<em>Jacques Hury<\/em> | Charles Rice, baritone<br \/>\n<em>Pierre de Craon<\/em> | Vincent Bouchot, tenor<br \/>\nEnsemble Cairn<br \/>\nMusical direction | Guillaume Bourgogne<br \/>\nStaging | C\u00e9lie Pauthe<br \/>\nMusical direction assistant | R\u00e9mi Durupt<br \/>\nStaging assistant | Sol\u00e8ne Souriau<br \/>\nScenery | Guillaume Delaveau<br \/>\nElectronics Ircam&nbsp;| Carlo Laurenzi<br \/>\nSound diffusion Ircam&nbsp;| Cl\u00e9ment Cerles<br \/>\nCostumes | Ana\u00efs Romand<br \/>\nLights | S\u00e9bastien Michaud<br \/>\nImages | Fran\u00e7ois Weber<br \/>\nDramaturgy | Denis Loubaton<br \/>\n<span class=\"lien-rouge_hover\"><a href=\"https:\/\/www.angers-nantes-opera.com\/l-annonce-faite-a-marie\" rel=\"noopener\">booking<\/a><\/span><\/p>\n<p><strong>Saturday, November 25, 2 pm &amp; 8 pm<\/strong><br \/>\nMassy \/ Op\u00e9ra<br \/>\nwith tm+ : Anne-C\u00e9cile Cuniot (flute), Etienne Lamaison (clarinet), Gianny Pizzolato (percussion)<br \/>\n<i>L&rsquo;Enfant inou\u00ef&nbsp;<\/i>| Creation by Sylvain Maurice (booklet and staging) and Laurent Cuniot (music and musical direction)<br \/>\nStage design | Antonin Bouvret<br \/>\nVideo Creation| Lo\u00efs Drouglazet<br \/>\nLight Creation | Rodolphe Martin<br \/>\nCostumes | L\u00e9a Perron<br \/>\nSound | Yann Bouloiseau<br \/>\nStage manager | R\u00e9mi Rose<br \/>\n<span class=\"lien-rouge_hover\"><a href=\"https:\/\/www.opera-massy.com\/fr\/l-enfant-inouie.html?cmp_id=77&amp;news_id=945&amp;vID=80\" rel=\"noopener\">booking<\/a><\/span><\/p>\n<p><img decoding=\"async\" loading=\"lazy\" class=\"size-medium wp-image-521 aligncenter\" src=\"https:\/\/raphaelekennedy.com\/en\/wp-content\/uploads\/sites\/2\/2022\/12\/lenfantinoui-2.jpg\" alt=\"\" width=\"600\" height=\"428\"><\/p>\n<p><span style=\"color: #800080;\"><strong>OCTOBER 2022<\/strong><\/span><\/p>\n<p><strong>Sunday, October 9, 4 pm; Tuesday, October 11, &nbsp;8 pm; Thursday, October 13, 8 pm &amp; Friday, October 14, 8 pm<\/strong><br \/>\nNantes \/ Th\u00e9\u00e2tre Graslin \/ Angers Nantes Op\u00e9ra<br \/>\n<i>L&rsquo;Annonce faite \u00e0 Marie&nbsp;<\/i>| World premiere opera by Philippe Leroux<br \/>\nRapha\u00e8le Fleury opera libretto based on the work of Paul Claudel<br \/>\n<em>Violaine Vercors<\/em>&nbsp;| Rapha\u00eble Kennedy, soprano<br \/>\n<em>Mara Vercors<\/em>&nbsp;| Sophia Burgos, mezzo-soprano<br \/>\n<em>Elisabeth Vercors<\/em>&nbsp;| Els Janssens-Vanmunster, mezzo-soprano<br \/>\n<em>Anne Vercors<\/em>&nbsp;| Marc Scoffoni, baritone<br \/>\n<em>Jacques Hury<\/em> | Charles Rice, baritone<br \/>\n<em>Pierre de Craon<\/em> | Vincent Bouchot, tenor<br \/>\nEnsemble Cairn<br \/>\nMusical direction | Guillaume Bourgogne<br \/>\nStaging | C\u00e9lie Pauthe<br \/>\nMusical direction assistant | R\u00e9mi Durupt<br \/>\nStaging assistant | Sol\u00e8ne Souriau<br \/>\nScenery | Guillaume Delaveau<br \/>\nElectronics Ircam&nbsp;| Carlo Laurenzi<br \/>\nSound diffusion Ircam&nbsp;| Cl\u00e9ment Cerles<br \/>\nCostumes | Ana\u00efs Romand<br \/>\nLights | S\u00e9bastien Michaud<br \/>\nImages | Fran\u00e7ois Weber<br \/>\nDramaturgy | Denis Loubaton<br \/>\n<span class=\"lien-rouge_hover\"><a href=\"https:\/\/www.angers-nantes-opera.com\/l-annonce-faite-a-marie\" rel=\"noopener\">booking<\/a><\/span><\/p>\n<p><img decoding=\"async\" loading=\"lazy\" class=\"alignnone size-medium wp-image-508 aligncenter\" src=\"https:\/\/raphaelekennedy.com\/en\/wp-content\/uploads\/sites\/2\/2022\/12\/1875_1146_annonce-1.jpg\" alt=\"\" width=\"600\" height=\"366\"><\/p>\n<p><strong>Thursday, October 20<\/strong><br \/>\nMarseille \/ GMEM-CNCM Marseille<br \/>\nRecording of<em> x\u012b l\u01d0ng<\/em>&nbsp;for voice and electronics<br \/>\nwith Robert Pascal (composer)<\/p>\n<p><strong>Friday, October 21, &nbsp;8 pm<\/strong><br \/>\nParis \/ Eglise Saint-Eustache \/ Festival d&rsquo;Automne<br \/>\nwith Matteo Cesari (flute), Les M\u00e9taboles, Ensemble Multilat\u00e9rale &amp; SWR Experimentalstudio, conducted by L\u00e9o Warynski<br \/>\n<em>Madrigali per cantare et sonare&nbsp;<\/em>(extracts) | Luzzasco Luzzaschi<br \/>\n<i>Addio case del vento; Canzona di&nbsp;ringraziamento; Cresce veloce un cristallo <\/i>| Salvatore Sciarrino<br \/>\n<em>Quando stanno morendo. Diario polacco n. 2<\/em><i>&nbsp;<\/i>| Luigi Nono<\/p>\n<p><span style=\"color: #800080;\"><strong>JULY 2022<\/strong><\/span><\/p>\n<p><strong>Monday, July 18, &nbsp;8 pm<\/strong><br \/>\nSaintes \/ Cath\u00e9drale Saint-Pierre \/ Festival de Saintes<br \/>\nwith Maud Gnidzaz (soprano), Aur\u00e9lie Bougl\u00e9 (mezzo), Christophe Baska (countertenor), Vincent Li\u00e8vre-Picard (tenor), Rapha\u00ebl Boulay (tenor), Cyrille Gautreau (baritone), Jan Jeroen Bredewold (bass) &amp; Ars Nova, conducted by Gregory Vajda<br \/>\n<em>Telle est la question&nbsp;<\/em>| Arvo P\u00e4rt, Igor Stravinsky, Charles Ives<\/p>\n<p><span style=\"color: #800080;\"><strong>JUNE 2022<\/strong><\/span><\/p>\n<p><strong>Monday, June 20 to Friday, June 24<\/strong><br \/>\nMarseille \/ GMEM-CNCM Marseille<br \/>\nCreation residency of <em>Ausc\u00faltare<\/em><br \/>\nwith Bertrand Wolff (composer) and Isabelle Deproit (contralto)<\/p>\n<p><strong><span style=\"color: #800080;\">MAY 2022<\/span><\/strong><\/p>\n<p><strong>Friday, May 6, &nbsp;8.30 pm<\/strong><br \/>\nGu\u00e9rigny \/ Th\u00e9\u00e2tre des Forges Royales<br \/>\nwith Val\u00e9rie Dulac (cello), Pierre-Adrien Charpy (electronics), Fabien Minez (sound)<br \/>\n<em>Il, et sa nuit&nbsp;<\/em>| Creation by R\u00e9gis Lefort, poetry and Pierre-Adrien Charpy, music<br \/>\n<span class=\"lien-rouge_hover\"><a href=\"https:\/\/association-du-theatre-des-forges-royales-de-guerigny.assoconnect.com\/collect\/description\/224320-y-il-et-sa-nuit\" rel=\"noopener\">booking<\/a><\/span><\/p>\n<p style=\"text-align: center;\"><iframe loading=\"lazy\" src=\"https:\/\/player.vimeo.com\/video\/804215314\" width=\"640\" height=\"360\" frameborder=\"0\" allowfullscreen=\"allowfullscreen\"><\/iframe><\/p>\n<p><strong><span style=\"color: #800080;\">APRIL 2022<\/span><br \/>\n<\/strong><\/p>\n<p><strong>Friday, April 1, 7:30 pm; Friday, April 8, 7:30 pm; Sunday, April 10, 2 pm<\/strong><br \/>\nMainz (Germany) \/ Staatstheater<br \/>\nwith Marie-Christine Haase, Alexandra Samouilidou, Maren Schwier, Linda Sommerhage (sopranos), Sanja Anastasia (alto), Alexander Spemann, Johannes Mayer (tenors), Brett Carter (barytone), Peter Felix Bauer, Florian K\u00fcppers (basses), Chor des Staatstheater Mainz, Les M\u00e9taboles, SWR Experimentalstudio Freiburg, Philharmonisches Staatsorchester Mainz<br \/>\n<em>Al gran sole carico d&rsquo;amore<\/em>&nbsp;| Luigi Nono<br \/>\nMusical direction | Hermann Ba\u00fcmer<br \/>\nStaging | Elisabeth St\u00f6ppler<br \/>\nScenery | Hermann Feuchter<br \/>\nCostumes | Nicole von Gr\u00e4venitz<br \/>\nLight | Ulrich Schneider<br \/>\nSound | Michael Acker, Joachim Haas<br \/>\nDramaturgy | Ina Karr<br \/>\nPreparation of Coro Grande&nbsp;| Sebastian Hernandez-Laverny<br \/>\nPreparation of Coro Piccolo | L\u00e9o Warynski<\/p>\n<p><strong><span style=\"color: #800080;\">MARCH 2022<\/span><br \/>\n<\/strong><\/p>\n<p><strong>Saturday, March 12, 7:30 pm; Tuesday, March 22, 7:30 pm<\/strong><br \/>\nMainz (Germany) \/ Staatstheater<br \/>\nwith Marie-Christine Haase, Alexandra Samouilidou, Maren Schwier, Linda Sommerhage (sopranos), Sanja Anastasia (alto), Alexander Spemann, Johannes Mayer (tenors), Brett Carter (barytone), Peter Felix Bauer, Florian K\u00fcppers (basses), Chor des Staatstheater Mainz, Les M\u00e9taboles, SWR Experimentalstudio Freiburg, Philharmonisches Staatsorchester Mainz<br \/>\n<em>Al gran sole carico d&rsquo;amore<\/em>&nbsp;| Luigi Nono<br \/>\nMusical direction | Hermann Ba\u00fcmer<br \/>\nStaging | Elisabeth St\u00f6ppler<br \/>\nScenery | Hermann Feuchter<br \/>\nCostumes | Nicole von Gr\u00e4venitz<br \/>\nLight | Ulrich Schneider<br \/>\nSound | Michael Acker, Joachim Haas<br \/>\nDramaturgy | Ina Karr<br \/>\nPreparation of Coro Grande&nbsp;| Sebastian Hernandez-Laverny<br \/>\nPreparation of Coro Piccolo | L\u00e9o Warynski<\/p>\n<p><strong>Saturday, March 19, 3 pm<\/strong><br \/>\nParis \/ Philharmonie<br \/>\nwith Les M\u00e9taboles, conducted by L\u00e9o Warynski and Hampus Lindwall (organ)<br \/>\n<em>Choeur d&rsquo;orgue<\/em> | Iannis Xenakis, Francis Poulenc, Arvo P\u00e4rt, Lucia Rochetti<\/p>\n<p><strong>Sunday, March 27, 7 pm<\/strong><br \/>\nSzczecin (Poland) \/ Philharmonie<br \/>\nwith Les M\u00e9taboles, conducted by L\u00e9o Warynski and SWR Experimentalstudio Freiburg<br \/>\n<em>Le 6\u00e8me commandement<\/em> | Elzbieta Sikora, Luigi Nono<\/p>\n<p><span style=\"color: #800080;\"><strong>FEBRUARY 2022<\/strong><\/span><\/p>\n<p><strong>Tuesday, February 15, 2 pm &amp; 8.30 pm; Thursday, February 17, 10 am &amp; 7:30 pm; Friday, February 18, 2 pm &amp; 8:30 pm; Saturday, February 19, 6 pm<\/strong><br \/>\nSaint-Quentin en Yvelines \/ Th\u00e9\u00e2tre \/ Sc\u00e8ne nationale<br \/>\nwith tm+ : Anne-C\u00e9cile Cuniot (flute), Etienne Lamaison (clarinet), Gianny Pizzolato (percussion)<br \/>\n<i>L&rsquo;Enfant inou\u00ef&nbsp;<\/i>| Creation by Sylvain Maurice (booklet and staging) and Laurent Cuniot (music and musical direction)<br \/>\nStage design | Antonin Bouvret<br \/>\nVideo Creation| Lo\u00efs Drouglazet<br \/>\nLight Creation | Rodolphe Martin<br \/>\nCostumes | L\u00e9a Perron<br \/>\nSound | Yann Bouloiseau<br \/>\nStage manager | R\u00e9mi Rose<br \/>\n<span class=\"lien-rouge_hover\"><a href=\"https:\/\/www.theatresqy.org\/saison\/spectacle\/lenfant-inoui-.htm\" rel=\"noopener\">booking<\/a><\/span><\/p>\n<p><img decoding=\"async\" loading=\"lazy\" class=\"alignnone size-medium wp-image-643\" src=\"https:\/\/raphaelekennedy.com\/wp-content\/uploads\/2022\/12\/Lenfant-inoui.png\" alt=\"\" width=\"623,25\" height=\"675\"><\/p>\n<p><span style=\"color: #800080;\"><strong>JANUARY 2022<\/strong><\/span><\/p>\n<p><strong>Tuesday, January 11 to Thursday, January 13<\/strong><br \/>\nMarseille \/ GMEM-CNCM Marseille<br \/>\nCreation residency of <em>Ausc\u00faltare<\/em><br \/>\nwith Bertrand Wolff (composer)<\/p>\n<p style=\"text-align: center;\">\n<p style=\"text-align: left;\">\n","protected":false},"excerpt":{"rendered":"<p>APRIL 2026 Sunday, 19 April, 4 pm Berre l&rsquo;\u00c9tang \/ Cin\u00e9 89 Le Roi du cirque | cine-concert, film by Max Linder and \u00c9douard-\u00c9mile Violet Compagnie Da Pacem Rapha\u00eble Kennedy | voice Pierre-Adrien Charpy | composition, keyboards \u00c9ric Chalan | bass Sorie Bangura | drums MARCH 2026 Thursday, 5 March, 8 pm Marseille \/ Archipel &hellip; <\/p>\n<p class=\"link-more\"><a href=\"https:\/\/raphaelekennedy.com\/en\/news\/\" class=\"more-link\">Continuer la lecture<span class=\"screen-reader-text\"> de &laquo;&nbsp;&nbsp;&raquo;<\/span><\/a><\/p>\n","protected":false},"author":1,"featured_media":0,"parent":0,"menu_order":0,"comment_status":"closed","ping_status":"closed","template":"","meta":[],"_links":{"self":[{"href":"https:\/\/raphaelekennedy.com\/en\/wp-json\/wp\/v2\/pages\/33"}],"collection":[{"href":"https:\/\/raphaelekennedy.com\/en\/wp-json\/wp\/v2\/pages"}],"about":[{"href":"https:\/\/raphaelekennedy.com\/en\/wp-json\/wp\/v2\/types\/page"}],"author":[{"embeddable":true,"href":"https:\/\/raphaelekennedy.com\/en\/wp-json\/wp\/v2\/users\/1"}],"replies":[{"embeddable":true,"href":"https:\/\/raphaelekennedy.com\/en\/wp-json\/wp\/v2\/comments?post=33"}],"version-history":[{"count":95,"href":"https:\/\/raphaelekennedy.com\/en\/wp-json\/wp\/v2\/pages\/33\/revisions"}],"predecessor-version":[{"id":842,"href":"https:\/\/raphaelekennedy.com\/en\/wp-json\/wp\/v2\/pages\/33\/revisions\/842"}],"wp:attachment":[{"href":"https:\/\/raphaelekennedy.com\/en\/wp-json\/wp\/v2\/media?parent=33"}],"curies":[{"name":"wp","href":"https:\/\/api.w.org\/{rel}","templated":true}]}}